{"id":4286,"date":"2019-12-09T15:42:46","date_gmt":"2019-12-09T18:42:46","guid":{"rendered":"https:\/\/www.aussiestar.com.br\/conteudo\/?page_id=4286"},"modified":"2020-05-04T15:56:10","modified_gmt":"2020-05-04T18:56:10","slug":"intercambio-teen","status":"publish","type":"page","link":"https:\/\/www.aussiestar.com.br\/conteudo\/estilos-intercambio\/intercambio-teen\/","title":{"rendered":"Interc\u00e2mbio Teen"},"content":{"rendered":"\n    <section class=\"cover height-80 imagebg text-center\" data-overlay=\"5\">\n        <div class=\"background-image-holder\"><img alt=\"\" src=\"https:\/\/www.aussiestar.com.br\/conteudo\/wp-content\/uploads\/2019\/12\/teenage-students-talking-to-teacher-outside-PLWJYAN-e1575999192935.jpg\"><\/div>\n        <div class=\"container pos-vertical-center\">\n            <div class=\"row\">\n                <div class=\"col-sm-12\">\n                    \n                        <h1 style=\"text-align: left;\">Interc\u00e2mbio Teen<\/h1>\n                        <div class=\"row\">\n                            <div class=\"col-md-6\">\n                                <p class=\"lead\" style=\"text-align: left;\">Os programas para jovens acontecem em Janeiro e Julho. Voltado para o p\u00fablico entre 8 a 25 anos, os pacotes combinam aprendizado com muita divers\u00e3o.<\/p>\n                                <p class=\"lead\" style=\"text-align: left;\">Nossos programas, cuidadosamente selecionados, incluem, al\u00e9m do curso, a acomoda\u00e7\u00e3o com refei\u00e7\u00f5es e uma agenda cheia de atividades. Que tal esquiar enquanto aprende Ingl\u00eas no Canad\u00e1? ou quem sabe fazer aulas de surf ou futebol na Calif\u00f3rnia? Ou at\u00e9 mesmo dedicar seu ano letivo cursando um high school?<\/p>\n                            <\/div>\n                            <div class=\"col-md-6\">&nbsp;<\/div>\n                        <\/div>\n                    \n                <\/div>\n            <\/div>\n            <!--end of row-->\n        <\/div>\n        <!--end of container-->\n    <\/section>\n    <section class=\"switchable feature-large  space--xs switchable--switch\">\n        <div class=\"container\">\n            <div class=\"row\">\n                <div class=\"col-sm-6 col-xs-12\">\n                    <div class=\"video-cover border--round box-shadow-wide\">\n                        <div class=\"background-image-holder\"><img alt=\"\" src=\"https:\/\/www.aussiestar.com.br\/conteudo\/wp-content\/uploads\/2020\/02\/LuanneDias_1.jpg\"><\/div>\n                        <div class=\"video-play-icon\"><\/div><iframe allowfullscreen=\"allowfullscreen\" src=\"https:\/\/www.youtube.com\/embed\/oRDE9SwtXV0\"><\/iframe><\/div>\n                    <!--end video cover-->\n                <\/div>\n                <div class=\"col-sm-6 col-md-5\">\n                    <div class=\"switchable__text\">\n                        <h2>Interc\u00e2mbio Teen<\/h2>\n                        <p>Com dura\u00e7\u00e3o de no m\u00ednimo 1 semana estes programas podem ser feitos em duas modalidades: <strong>Grupo<\/strong> ou <strong>Individual<\/strong>.<\/p>\n                        <p>Os <strong>grupos<\/strong> partir\u00e3o do aeroporto com um dos nossos l\u00edderes at\u00e9 a chegada no aeroporto de destino e de l\u00e1 partir\u00e3o para a acomoda\u00e7\u00e3o. Os viajantes <strong>individuais<\/strong>, s\u00e3o para aqueles que j\u00e1 tiveram uma experi\u00eancia de viagem internacional ou j\u00e1 se sentem preparados para embarcar sozinhos. Uma coisa \u00e9 certa, divers\u00e3o, aprendizado, intera\u00e7\u00e3o e muitos amigos vir\u00e3o na bagagem de volta.<\/p>\n                        <p>Precisa de ajuda para decidir sua cidade de destino? Quais ser\u00e3o as suas atividades? Inverno ou no ver\u00e3o?<\/p>\n                        <p>No worries! Teremos prazer em <a href=\"https:\/\/wa.me\/5511989594508\">encontrar a melhor op\u00e7\u00e3o para voc\u00ea<\/a>.<\/p>\n                    <\/div>\n                <\/div>\n            <\/div>\n            <!--end of row-->\n        <\/div>\n        <!--end of container-->\n    <\/section>\n    <section class=\"cover text-center\">\n        <div class=\"container\">\n            <div class=\"row\">\n                <div class=\"col-sm-8 col-sm-offset-2 col-md-6 col-md-offset-3\"><\/div>\n                <div class=\"col-sm-12\">\n                    <div class=\"triptych border--round\"><img alt=\"\" src=\"https:\/\/www.aussiestar.com.br\/conteudo\/wp-content\/uploads\/2020\/01\/IMG_3867-1.jpg\"><img alt=\"\" src=\"https:\/\/www.aussiestar.com.br\/conteudo\/wp-content\/uploads\/2020\/01\/79673823_2703502559703258_8017949676655345664_o.jpg\"><img alt=\"\" src=\"https:\/\/www.aussiestar.com.br\/conteudo\/wp-content\/uploads\/2020\/02\/38046131_1901655883221267_7693671781722226688_o.jpg\"><\/div>\n                <\/div>\n            <\/div>\n            <!--end of row-->\n        <\/div>\n        <!--end of container-->\n    <\/section>\n    <section class=\"text-center  space--xs\">\n        <div class=\"container\">\n            <div class=\"row\">\n                <div class=\"col-sm-10 col-md-8\">\n                    <h2>As op\u00e7\u00f5es<\/h2>\n                <\/div>\n            <\/div>\n            <!--end of row-->\n        <\/div>\n        <!--end of container-->\n    <\/section>\n    <section class=\"switchable feature-large\">\n        <div class=\"container\">\n            <div class=\"row\">\n                <div class=\"col-sm-6\"> <img alt=\"\" class=\"border--round box-shadow-wide\" src=\"https:\/\/www.aussiestar.com.br\/conteudo\/wp-content\/uploads\/2017\/04\/landing-1.jpg\"> <\/div>\n                <div class=\"col-sm-6 col-md-5\">\n                    <div class=\"switchable__text\">\n                        <h2>Individual<\/h2>\n                        <p>O interc\u00e2mbio individual acontece durante todo o ano. Como as aulas sempre iniciam as segundas-feiras, a sua acomoda\u00e7\u00e3o j\u00e1 estar\u00e1 pronta para te receber um dia antes. Assim poder\u00e1 chegar, se acomodar e descansar para o in\u00edcio das aulas no dia seguinte.Esta \u00e9 uma boa op\u00e7\u00e3o para quem quer ter mais flexibilidade de roteiro e datas de viagem.Mesmo indo sozinho, tanto a escola internacional quanto a Aussie Star, estaremos sempre ao seu lado para qualquer suporte que precisar.<\/p>\n                    <\/div>\n                <\/div>\n            <\/div>\n            <!--end of row-->\n        <\/div>\n        <!--end of container-->\n    <\/section>\n    <section class=\"switchable feature-large  switchable--switch\">\n        <div class=\"container\">\n            <div class=\"row\">\n                <div class=\"col-sm-6\"> <img alt=\"\" class=\"border--round box-shadow-wide\" src=\"https:\/\/www.aussiestar.com.br\/conteudo\/wp-content\/uploads\/2017\/04\/education-5.jpg\"> <\/div>\n                <div class=\"col-sm-6 col-md-5\">\n                    <div class=\"switchable__text\">\n                        <h2>Grupos<\/h2>\n                        <p style=\"text-align: left;\">Os grupos sempre acontecem nas f\u00e9rias escolares de Janeiro e Julho e t\u00eam datas e roteiros de atividades j\u00e1 determinados pela escola internacional.O grupo conta com um l\u00edder da Aussie Star durante a viagem, que ser\u00e1 o nosso representante e dar\u00e1 todo o suporte necess\u00e1rio aos interc\u00e2mbistas do in\u00edcio ao fim da viagem.<\/p>\n                    <\/div>\n                <\/div>\n            <\/div>\n            <!--end of row-->\n        <\/div>\n        <!--end of container-->\n    <\/section>\n    <section>\n        <div class=\"container\">\n            <div class=\"row\">\n                <div class=\"col-sm-12\">\n                    <h2 style=\"text-align: center; padding-bottom: 2em;\">Encontre o seu grupo de Interc\u00e2mbio Teen<\/h2>\n                    <p><div class=\"wp_file_get_contents wpfgc\">\n    <style>\r\n        .listing-pricing {\r\n            font-size: 0.8em;\r\n            color: #bbb;\r\n        }\r\n        .listing-pricing .original {\r\n            font-size: 1.4em;\r\n            color: #6a6f7a;\r\n        }\r\n        .listing-pricing .converted {\r\n            font-size: 2em;\r\n            color: #E70E02;\r\n            font-weight: bold;\r\n        }\r\n        .listing-pricing .btn {\r\n            color: #FFF;\r\n            font-weight: bold;\r\n            font-size: 1.2em;\r\n            padding-top: 0.4em;\r\n            padding-bottom: 0.4em;\r\n            padding-right: 1.8em;\r\n            padding-left: 1.8em;\r\n        }\r\n    <\/style>\r\n    <div class=\"\">\r\n        <div>        <\/div>\r\n        <!--end of masonry__container-->\r\n    <\/div><\/div><!-- .wp_file_get_contents -->\n<\/p>\n                <\/div>\n            <\/div>\n            <!--end of row-->\n        <\/div>\n        <!--end of container-->\n    <\/section>\n    \n","protected":false},"excerpt":{"rendered":"<p>Interc\u00e2mbio Teen Os programas para jovens acontecem em Janeiro e Julho. Voltado para o p\u00fablico entre 8 a 25 anos, os pacotes&#8230;<\/p>\n","protected":false},"author":1,"featured_media":0,"parent":4284,"menu_order":0,"comment_status":"closed","ping_status":"closed","template":"page_no_sidebar.php","meta":{"footnotes":""},"class_list":["post-4286","page","type-page","status-publish","hentry"],"_links":{"self":[{"href":"https:\/\/www.aussiestar.com.br\/conteudo\/wp-json\/wp\/v2\/pages\/4286","targetHints":{"allow":["GET"]}}],"collection":[{"href":"https:\/\/www.aussiestar.com.br\/conteudo\/wp-json\/wp\/v2\/pages"}],"about":[{"href":"https:\/\/www.aussiestar.com.br\/conteudo\/wp-json\/wp\/v2\/types\/page"}],"author":[{"embeddable":true,"href":"https:\/\/www.aussiestar.com.br\/conteudo\/wp-json\/wp\/v2\/users\/1"}],"replies":[{"embeddable":true,"href":"https:\/\/www.aussiestar.com.br\/conteudo\/wp-json\/wp\/v2\/comments?post=4286"}],"version-history":[{"count":73,"href":"https:\/\/www.aussiestar.com.br\/conteudo\/wp-json\/wp\/v2\/pages\/4286\/revisions"}],"predecessor-version":[{"id":4962,"href":"https:\/\/www.aussiestar.com.br\/conteudo\/wp-json\/wp\/v2\/pages\/4286\/revisions\/4962"}],"up":[{"embeddable":true,"href":"https:\/\/www.aussiestar.com.br\/conteudo\/wp-json\/wp\/v2\/pages\/4284"}],"wp:attachment":[{"href":"https:\/\/www.aussiestar.com.br\/conteudo\/wp-json\/wp\/v2\/media?parent=4286"}],"curies":[{"name":"wp","href":"https:\/\/api.w.org\/{rel}","templated":true}]}}