{"id":4392,"date":"2020-01-31T01:21:40","date_gmt":"2020-01-31T04:21:40","guid":{"rendered":"https:\/\/www.aussiestar.com.br\/conteudo\/?page_id=4392"},"modified":"2020-05-04T15:55:43","modified_gmt":"2020-05-04T18:55:43","slug":"cultural","status":"publish","type":"page","link":"https:\/\/www.aussiestar.com.br\/conteudo\/estilos-intercambio\/cultural\/","title":{"rendered":"Interc\u00e2mbio cultural"},"content":{"rendered":"\n    <section class=\"cover height-80 imagebg text-center\" data-overlay=\"5\">\n        <div class=\"background-image-holder\"><img alt=\"\" src=\"https:\/\/www.aussiestar.com.br\/conteudo\/wp-content\/uploads\/2017\/04\/recruitment-2.jpg\"><\/div>\n        <div class=\"container pos-vertical-center\">\n            <div class=\"row\">\n                <div class=\"col-sm-12\">\n                    \n                        <h1 style=\"text-align: left;\">Cultural<\/h1>\n                        <div class=\"row\">\n                            <div class=\"col-md-6\">\n                                <p class=\"lead\" style=\"text-align: left;\">Nossos pacotes culturais reunem o melhor do aprendizado internacional com passeios por pontos tur\u00edsticos, conhecimento da gastronomia local e muita divers\u00e3o.<\/p>\n                                <p class=\"lead\" style=\"text-align: left;\">Selecionamos os melhores destinos para cursos com acomoda\u00e7\u00e3o e passeios a partir de 2 semanas.<\/p>\n                                <p class=\"lead\" style=\"text-align: left;\">Precisa de ajuda para encontrar a sua melhor op\u00e7\u00e3o de curso e pa\u00eds? No worries! Teremos prazer em <a href=\"https:\/\/wa.me\/5511989594508\">encontrar a melhor op\u00e7\u00e3o para voc\u00ea<\/a>.<\/p>\n                            <\/div>\n                            <div class=\"col-md-6\">&nbsp;<\/div>\n                        <\/div>\n                    \n                <\/div>\n            <\/div>\n            <!--end of row-->\n        <\/div>\n        <!--end of container-->\n    <\/section>\n    <section class=\"space--xxs\">\n        <div class=\"masonry masonry--gapless\">\n            <div class=\"masonry__container bg--secondary masonry--active\">\n                <div class=\"col-sm-4 col-xs-12 masonry__item filter-design\" data-masonry-filter=\"Design\">\n                    <div class=\"project-thumb hover-element height-40\">\n                        <a href=\"#\">\n                            <div class=\"hover-element__initial\">\n                                <div class=\"background-image-holder\"> <img alt=\"\" src=\"https:\/\/www.aussiestar.com.br\/conteudo\/wp-content\/uploads\/2020\/02\/erasmus-experience-in-barcelona-spain-334bc4b1850fcd19bf08c3e33fb84d46.jpg\"> <\/div>\n                            <\/div>\n                            <div class=\"hover-element__reveal\" data-overlay=\"9\">\n                                <div class=\"project-thumb__title\">\n                                    <h5>Unvest Capital<\/h5> <span>Brand Collateral<\/span> <\/div>\n                            <\/div>\n                        <\/a>\n                    <\/div>\n                <\/div>\n                <div class=\"col-sm-4 col-xs-12 masonry__item filter-marketing\" data-masonry-filter=\"Marketing\">\n                    <div class=\"project-thumb hover-element height-40\">\n                        <a href=\"#\">\n                            <div class=\"hover-element__initial\">\n                                <div class=\"background-image-holder\"> <img alt=\"\" src=\"https:\/\/www.aussiestar.com.br\/conteudo\/wp-content\/uploads\/2020\/02\/buenos-aires-la-boca-dr-del-valle-iberlucea-821.jpg\"> <\/div>\n                            <\/div>\n                            <div class=\"hover-element__reveal\" data-overlay=\"9\">\n                                <div class=\"project-thumb__title\">\n                                    <h5>Nike Active<\/h5> <span>Digital Marketing<\/span> <\/div>\n                            <\/div>\n                        <\/a>\n                    <\/div>\n                <\/div>\n                <div class=\"col-sm-4 col-xs-12 masonry__item filter-design\" data-masonry-filter=\"Design\">\n                    <div class=\"project-thumb hover-element height-40\">\n                        <a href=\"#\">\n                            <div class=\"hover-element__initial\">\n                                <div class=\"background-image-holder\"> <img alt=\"\" src=\"https:\/\/www.aussiestar.com.br\/conteudo\/wp-content\/uploads\/2020\/02\/HERO_UltimateRome_Hero_shutterstock789412159.jpg\"> <\/div>\n                            <\/div>\n                            <div class=\"hover-element__reveal\" data-overlay=\"9\">\n                                <div class=\"project-thumb__title\">\n                                    <h5>Unvest Capital<\/h5> <span>Brand Collateral<\/span> <\/div>\n                            <\/div>\n                        <\/a>\n                    <\/div>\n                <\/div>\n            <\/div>\n            <!--end of masonry__container-->\n        <\/div>\n        <!--end of masonry-->\n    <\/section>\n    <section class=\"unpad\">\n        <div class=\"masonry masonry--gapless\">\n            <div class=\"masonry__container masonry--active\">\n                <div class=\"masonry__item col-md-4 col-sm-6 col-xs-12 filter-digital\" data-masonry-filter=\"Digital\"> <\/div>\n                <!--end item-->\n                <div class=\"masonry__item col-md-8 col-sm-6 col-xs-12 filter-digital\" data-masonry-filter=\"Digital\"> <\/div>\n                <!--end item-->\n                <!--end item-->\n                <!--end item-->\n            <\/div>\n            <!--end of masonry container-->\n        <\/div>\n        <!--end masonry-->\n    <\/section>\n    <section class=\"space--xxs\">\n        <div class=\"container\">\n            <div class=\"row\">\n                <div class=\"masonry\">\n                    <!--end masonry filters-->\n                    <!--end masonry container-->\n                <\/div>\n                <!--end masonry-->\n            <\/div>\n            <!--end of row-->\n        <\/div>\n        <!--end of container-->\n    <\/section>\n    <a id=\"bandeiras\" class=\"in-page-link\"><\/a>\n    <section class=\"text-center imagebg image--light\">\n        <div class=\"background-image-holder\"> <img alt=\"\" src=\"https:\/\/www.aussiestar.com.br\/conteudo\/wp-content\/uploads\/2019\/12\/world.jpg\"> <\/div>\n        <div class=\"container\">\n            <div class=\"row\">\n                <div class=\"col-sm-6 col-md-3\">\n                    <div class=\"text-block\">\n                        \n                            <p><img class=\"wp-image-4431 aligncenter\" src=\"https:\/\/www.aussiestar.com.br\/conteudo\/wp-content\/uploads\/2020\/02\/download.png\" alt=\"\" width=\"68\" height=\"45\"><\/p>\n                            <h4>Espanha<\/h4>\n                        \n                    <\/div>\n                    <div class=\"text-block\"> <\/div>\n                    <!--end feature-->\n                <\/div>\n                <div class=\"col-sm-6 col-md-3\">\n                    <div class=\"text-block\">\n                        \n                            <p><img class=\"wp-image-4433 aligncenter\" src=\"https:\/\/www.aussiestar.com.br\/conteudo\/wp-content\/uploads\/2020\/02\/1024px-Flag_of_Italy.svg_-300x200.png\" alt=\"\" width=\"71\" height=\"47\"><\/p>\n                            <h4>It\u00e1lia<\/h4>\n                        \n                    <\/div>\n                    <div class=\"text-block\"> <\/div>\n                    <!--end feature-->\n                <\/div>\n                <div class=\"col-sm-6 col-md-3\">\n                    <div class=\"text-block\">\n                        \n                            <p><img class=\"wp-image-4434 aligncenter\" src=\"https:\/\/www.aussiestar.com.br\/conteudo\/wp-content\/uploads\/2020\/02\/download-1.png\" alt=\"\" width=\"77\" height=\"51\"><\/p>\n                            <h4>Fran\u00e7a<\/h4>\n                        \n                        <div class=\"\"><\/div>\n                    <\/div>\n                    <div class=\"text-block\"> <\/div>\n                    <!--end feature-->\n                <\/div>\n                <div class=\"col-sm-6 col-md-3\">\n                    <div class=\"text-block\">\n                         \n                    <\/div>\n                    <!--end feature-->\n                <\/div>\n            <\/div>\n            <!--end of row-->\n        <\/div>\n        <!--end of container-->\n    <\/section>\n    <a id=\"saiba-mais\" class=\"in-page-link\"><\/a>\n    <section class=\"text-center  space--xs\">\n        <div class=\"container\">\n            <div class=\"row\">\n                <div class=\"col-sm-10 col-md-8\">\n                    <h2 style=\"padding-bottom: 0;\">Saiba mais<\/h2>\n                <\/div>\n            <\/div>\n            <!--end of row-->\n        <\/div>\n        <!--end of container-->\n    <\/section>\n    <section class=\"switchable  space--xlg\">\n        <div class=\"container\">\n            <div class=\"row\">\n                <div class=\"switchable__text col-sm-12\">\n                    <ul class=\"accordion accordion-1 accordion--oneopen\">\n                        <li class=\"active\">\n                            <div class=\"accordion__title\"><span class=\"h5\"><p>Qual pa\u00eds exige visto?<\/p><\/span><\/div>\n                            <div class=\"accordion__content\">\n                                <p class=\"lead\">Pa\u00edses da America do Sul como: Chile e Argentina n\u00e3o exigem visto para turismo. Desta mesma forma, pa\u00edses da Europa (pertencentes ao tratado de Schegen: It\u00e1lia, Malta, Fran\u00e7a, Alemanha, Espanha, Portugal) tamb\u00e9m n\u00e3o exigem visto pr\u00e9-embarque.<\/p>\n                            <\/div>\n                        <\/li>\n                        <li>\n                            <div class=\"accordion__title\"><span class=\"h5\"><p>Qual \u00e9 a melhor \u00e9poca do ano para viajar?<\/p><\/span><\/div>\n                            <div class=\"accordion__content\">\n                                <p class=\"lead\">Lembrando que enquanto nos pa\u00edses do hemisf\u00e9rio sul \u00e9 ver\u00e3o, nos pa\u00edses do hemisf\u00e9rio norte \u00e9 inverno e assim vice-versa.<\/p>\n                                <p class=\"lead\">Bom resaltar que, tanto a moeda local, quanto as passagens a\u00e9reas e as acomoda\u00e7\u00f5es est\u00e3o mais caras devido a alta temporada. Sendo assim, aconselhamos as viagens em baixa temporada (Mar\u00e7o, Abril ou Setembro e Outubro). Claro, que se for de desejo viajar em alta temporada para aproveitar o Inverno e\/ou Ver\u00e3o, programe-se e divirta-se.<\/p>\n                            <\/div>\n                        <\/li>\n                        <li>\n                            <div class=\"accordion__title\"><span class=\"h5\"><p>Meu cart\u00e3o de cr\u00e9dito \u00e9 aceito em qualquer estabelecimento?<\/p><\/span><\/div>\n                            <div class=\"accordion__content\">\n                                <p class=\"lead\">Seu cart\u00e3o de cr\u00e9dito ser\u00e1 aceito nos estabelecimentos no exterior, uma vez que voc\u00ea desbloque\u00e1-lo em seu banco. Lembramos que existem op\u00e7\u00f5es mais econ\u00f4micas, como o Travel Money.<\/p>\n                            <\/div>\n                        <\/li>\n                        <li>\n                            <div class=\"accordion__title\"><span class=\"h5\"><p>O que \u00e9 Travel Money?<\/p><\/span><\/div>\n                            <div class=\"accordion__content\">\n                                <p class=\"lead\"><span>\u00c9 um cart\u00e3o de cr\u00e9dito s\u00f3 que voc\u00ea paga antes por ele. O cart\u00e3o de <\/span><b>TravelMoney<\/b><span> \u00e9 um cart\u00e3o pr\u00e9-pago emitido em d\u00f3lares americanos ou em euros, ele pode fazer saques tamb\u00e9m no exterior, nos caixas eletr\u00f4nicos ATM Visa\/Plus, e em lojas \u201cduty free\u201d nos aeroportos do Brasil e do exterior.&nbsp;<\/span><\/p>\n                            <\/div>\n                        <\/li>\n                    <\/ul>\n                    <!--end accordion-->\n                <\/div>\n                <div class=\"col-md-5 col-sm-6\"><\/div>\n            <\/div>\n            <!--end of row-->\n        <\/div>\n        <!--end of container-->\n    <\/section>\n    <section class=\"text-center\">\n        <div class=\"container\">\n            <div class=\"row\">\n                <div class=\"col-sm-10 col-md-12\">\n                    <h2>Pr\u00f3ximas viagens<\/h2>\n                    <p><div class=\"wp_file_get_contents wpfgc\">\n    <style>\r\n        .listing-pricing {\r\n            font-size: 0.8em;\r\n            color: #bbb;\r\n        }\r\n        .listing-pricing .original {\r\n            font-size: 1.4em;\r\n            color: #6a6f7a;\r\n        }\r\n        .listing-pricing .converted {\r\n            font-size: 2em;\r\n            color: #E70E02;\r\n            font-weight: bold;\r\n        }\r\n        .listing-pricing .btn {\r\n            color: #FFF;\r\n            font-weight: bold;\r\n            font-size: 1.2em;\r\n            padding-top: 0.4em;\r\n            padding-bottom: 0.4em;\r\n            padding-right: 1.8em;\r\n            padding-left: 1.8em;\r\n        }\r\n    <\/style>\r\n    <div class=\"\">\r\n        <div>        <\/div>\r\n        <!--end of masonry__container-->\r\n    <\/div><\/div><!-- .wp_file_get_contents -->\n<\/p>\n                <\/div>\n            <\/div>\n            <!--end of row-->\n        <\/div>\n        <!--end of container-->\n    <\/section>\n    \n","protected":false},"excerpt":{"rendered":"<p>Cultural Nossos pacotes culturais reunem o melhor do aprendizado internacional com passeios por pontos tur\u00edsticos, conhecimento da gastronomia local e muita divers\u00e3o&#8230;.<\/p>\n","protected":false},"author":1,"featured_media":0,"parent":4284,"menu_order":0,"comment_status":"closed","ping_status":"closed","template":"page_no_sidebar.php","meta":{"footnotes":""},"class_list":["post-4392","page","type-page","status-publish","hentry"],"_links":{"self":[{"href":"https:\/\/www.aussiestar.com.br\/conteudo\/wp-json\/wp\/v2\/pages\/4392","targetHints":{"allow":["GET"]}}],"collection":[{"href":"https:\/\/www.aussiestar.com.br\/conteudo\/wp-json\/wp\/v2\/pages"}],"about":[{"href":"https:\/\/www.aussiestar.com.br\/conteudo\/wp-json\/wp\/v2\/types\/page"}],"author":[{"embeddable":true,"href":"https:\/\/www.aussiestar.com.br\/conteudo\/wp-json\/wp\/v2\/users\/1"}],"replies":[{"embeddable":true,"href":"https:\/\/www.aussiestar.com.br\/conteudo\/wp-json\/wp\/v2\/comments?post=4392"}],"version-history":[{"count":9,"href":"https:\/\/www.aussiestar.com.br\/conteudo\/wp-json\/wp\/v2\/pages\/4392\/revisions"}],"predecessor-version":[{"id":4961,"href":"https:\/\/www.aussiestar.com.br\/conteudo\/wp-json\/wp\/v2\/pages\/4392\/revisions\/4961"}],"up":[{"embeddable":true,"href":"https:\/\/www.aussiestar.com.br\/conteudo\/wp-json\/wp\/v2\/pages\/4284"}],"wp:attachment":[{"href":"https:\/\/www.aussiestar.com.br\/conteudo\/wp-json\/wp\/v2\/media?parent=4392"}],"curies":[{"name":"wp","href":"https:\/\/api.w.org\/{rel}","templated":true}]}}